{"id":5935,"date":"2018-10-10T08:49:14","date_gmt":"2018-10-10T08:49:14","guid":{"rendered":"http:\/\/www.lartdecomunicar.com\/empreses-i-organitzacions\/"},"modified":"2025-05-02T10:57:00","modified_gmt":"2025-05-02T10:57:00","slug":"empreses-i-organitzacions","status":"publish","type":"page","link":"https:\/\/lartdecomunicar.cat\/es\/empreses-i-organitzacions\/","title":{"rendered":"Formaciones para empresas y organizaciones"},"content":{"rendered":"<p>[et_pb_section fb_built=\u00bb1&#8243; _builder_version=\u00bb4.16&#8243; global_colors_info=\u00bb{}\u00bb][et_pb_row use_custom_gutter=\u00bbon\u00bb gutter_width=\u00bb0&#8243; _builder_version=\u00bb4.16&#8243; background_color=\u00bb#791417&#8243; width=\u00bb100%\u00bb max_width=\u00bb100%\u00bb use_custom_width=\u00bbon\u00bb width_unit=\u00bboff\u00bb custom_width_percent=\u00bb100%\u00bb global_colors_info=\u00bb{}\u00bb][et_pb_column type=\u00bb4_4&#8243; _builder_version=\u00bb4.16&#8243; custom_padding=\u00bb|||\u00bb global_colors_info=\u00bb{}\u00bb custom_padding__hover=\u00bb|||\u00bb][et_pb_text _builder_version=\u00bb4.27.4&#8243; text_font=\u00bb||||||||\u00bb text_text_color=\u00bb#ffffff\u00bb hover_enabled=\u00bb0&#8243; global_colors_info=\u00bb{}\u00bb sticky_enabled=\u00bb0&#8243;]<\/p>\n<h1 style=\"text-align: center;\"><span style=\"color: #ffffff; font-size: xx-large;\"><strong>Formaciones personalizadas para empresas y organizaciones<\/strong><\/span><\/h1>\n<p>[\/et_pb_text][\/et_pb_column][\/et_pb_row][\/et_pb_section][et_pb_section fb_built=\u00bb1&#8243; specialty=\u00bbon\u00bb _builder_version=\u00bb4.16&#8243; custom_padding=\u00bb0|0px|19.0156px||false|false\u00bb hover_enabled=\u00bb0&#8243; global_colors_info=\u00bb{}\u00bb sticky_enabled=\u00bb0&#8243;][et_pb_column type=\u00bb2_3&#8243; specialty_columns=\u00bb2&#8243; _builder_version=\u00bb4.16&#8243; custom_padding=\u00bb|||\u00bb global_colors_info=\u00bb{}\u00bb parallax__hover=\u00bboff\u00bb parallax_method__hover=\u00bbon\u00bb custom_padding__hover=\u00bb|||\u00bb][et_pb_row_inner _builder_version=\u00bb4.16&#8243; custom_margin=\u00bb0px|0px|0px|0px\u00bb custom_padding=\u00bb20px|0px|0px|0px|false|false\u00bb global_colors_info=\u00bb{}\u00bb][et_pb_column_inner saved_specialty_column_type=\u00bb2_3&#8243; _builder_version=\u00bb4.16&#8243; custom_padding=\u00bb0px|0px|0px|0px\u00bb global_colors_info=\u00bb{}\u00bb parallax__hover=\u00bboff\u00bb parallax_method__hover=\u00bbon\u00bb padding_bottom__hover=\u00bb0px\u00bb padding_left__hover=\u00bb0px\u00bb padding_right__hover=\u00bb0px\u00bb padding_top__hover=\u00bb0px\u00bb custom_padding__hover=\u00bb|||\u00bb][et_pb_text _builder_version=\u00bb4.16&#8243; global_colors_info=\u00bb{}\u00bb]<\/p>\n<p style=\"text-align: justify;\"><span style=\"font-size: medium;\">El teatro es la herramienta m\u00e1s poderosa y pr\u00e1ctica para trabajar todos esos aspectos que tienen que ver con la comunicaci\u00f3n, la motivaci\u00f3n, la organizaci\u00f3n, el riesgo, la creatividad, el trabajo en equipo, la gesti\u00f3n de conflictos, el estr\u00e9s, la atenci\u00f3n al p\u00fablico, el liderazgo, las habilidades sociales, etc.<\/span><\/p>\n<blockquote>\n<p style=\"text-align: justify;\"><span style=\"font-size: medium;\">La aplicaci\u00f3n de las artes esc\u00e9nicas para resolver conflictos laborales dentro del mundo empresarial empez\u00f3 a usarse hace ya mucho tiempo. Los actores, especialistas en la comunicaci\u00f3n debido a su trabajo y a su desarrollo personal, tienen m\u00e1s capacidad que la media de la gente para comunicarse tanto a nivel intra como interpersonal. <strong>Son los aliados perfectos para la formaci\u00f3n comunicativa dentro de las organizaciones.<\/strong><\/span><\/p>\n<\/blockquote>\n<p><span style=\"font-size: medium;\"><strong>Algunas de las aplicaciones pr\u00e1cticas que el teatro ofrece en el \u00e1mbito de la empresa son:<\/strong><\/span><\/p>\n<ul>\n<li><span style=\"font-size: medium;\">Cohesionar grupos<\/span><\/li>\n<li><span style=\"font-size: medium;\">Reforzar la empat\u00eda en los mensajes empresariales<\/span><\/li>\n<li><span style=\"font-size: medium;\">Motivar a los trabajadores<\/span><\/li>\n<li><span style=\"font-size: medium;\">Resolver conflictos<\/span><\/li>\n<li><span style=\"font-size: medium;\">Probar nuevas formas de comunicaci\u00f3n tanto externa como interna<\/span><\/li>\n<li><span style=\"font-size: medium;\">Ensayar entrevistas<\/span><\/li>\n<li><span style=\"font-size: medium;\">Ayudar al departamento de recursos humanos en su proceso de selecci\u00f3n de personal<\/span><\/li>\n<li><span style=\"font-size: medium;\">Escenificar situaciones habituales para entender y corregir posibles tendencias err\u00f3neas<\/span><\/li>\n<li><span style=\"font-size: medium;\">Crear nuevas sinergias departamentales<\/span><\/li>\n<li><span style=\"font-size: medium;\">Aumentar la seguridad en uno mismo y la capacidad de resoluci\u00f3n de los trabajadores<\/span><\/li>\n<li><span style=\"font-size: medium;\">Improvisar situaciones problem\u00e1ticas con tal de profundizar y ampliar la capacidad de respuesta<\/span><\/li>\n<\/ul>\n<p>[\/et_pb_text][et_pb_image src=\u00bbhttps:\/\/lartdecomunicar.cat\/wp-content\/uploads\/2015\/07\/esquemaes.jpg\u00bb show_bottom_space=\u00bboff\u00bb align=\u00bbcenter\u00bb align_tablet=\u00bbcenter\u00bb align_last_edited=\u00bbon|desktop\u00bb _builder_version=\u00bb4.16&#8243; module_alignment=\u00bbcenter\u00bb custom_margin=\u00bb||5%\u00bb global_colors_info=\u00bb{}\u00bb align_phone=\u00bbcenter\u00bb][\/et_pb_image][et_pb_divider divider_weight=\u00bb5px\u00bb _builder_version=\u00bb4.16&#8243; height=\u00bb40px\u00bb global_colors_info=\u00bb{}\u00bb][\/et_pb_divider][\/et_pb_column_inner][\/et_pb_row_inner][et_pb_row_inner module_id=\u00bbassertivitat\u00bb _builder_version=\u00bb4.16&#8243; background_color=\u00bb#791417&#8243; module_alignment=\u00bbcenter\u00bb custom_padding=\u00bb0|0px|0|0px|false|false\u00bb border_radii=\u00bbon|30px|30px|30px|30px\u00bb global_colors_info=\u00bb{}\u00bb][et_pb_column_inner saved_specialty_column_type=\u00bb2_3&#8243; _builder_version=\u00bb4.16&#8243; custom_padding=\u00bb|||\u00bb global_colors_info=\u00bb{}\u00bb parallax__hover=\u00bboff\u00bb parallax_method__hover=\u00bbon\u00bb custom_padding__hover=\u00bb|||\u00bb][et_pb_text _builder_version=\u00bb4.27.4&#8243; text_font=\u00bbRoboto Slab||||||||\u00bb text_text_color=\u00bb#000000&#8243; text_font_size=\u00bb24px\u00bb header_font=\u00bbRoboto Slab||||||||\u00bb header_text_color=\u00bb#000000&#8243; custom_padding=\u00bb5px|5px|5px|5px\u00bb hover_enabled=\u00bb0&#8243; inline_fonts=\u00bbRoboto Slab\u00bb global_colors_info=\u00bb{}\u00bb sticky_enabled=\u00bb0&#8243;]<\/p>\n<h2 style=\"text-align: center;\"><span style=\"font-size: x-large; color: #ffffff; font-family: 'Roboto Slab'; font-weight: normal;\"><strong>Asertividad y resoluci\u00f3n de conflictos<\/strong><\/span><\/h2>\n<p>[\/et_pb_text][\/et_pb_column_inner][\/et_pb_row_inner][et_pb_row_inner _builder_version=\u00bb4.16&#8243; custom_padding=\u00bb30px|0px|30px|0px|false|false\u00bb global_colors_info=\u00bb{}\u00bb][et_pb_column_inner saved_specialty_column_type=\u00bb2_3&#8243; _builder_version=\u00bb4.16&#8243; custom_padding=\u00bb|||\u00bb global_colors_info=\u00bb{}\u00bb parallax__hover=\u00bboff\u00bb parallax_method__hover=\u00bbon\u00bb custom_padding__hover=\u00bb|||\u00bb][et_pb_text _builder_version=\u00bb4.16&#8243; global_colors_info=\u00bb{}\u00bb]<\/p>\n<blockquote>\n<p style=\"text-align: justify;\"><span style=\"font-size: medium;\">La asertividad se define como \u00abla habilidad de expresar nuestros deseos de una manera afable, franca, abierta, directa y adecuada. Llegando a decir eso que queremos sin ir en contra de los dem\u00e1s. Negociando con ellos su cumplimiento\u00bb.<\/span><\/p>\n<\/blockquote>\n<p style=\"text-align: justify;\"><span style=\"font-size: medium;\">Usar la asertividad es saber pedir, saber negarse, negociar y ser flexible para poder conseguir eso que se quiere, respetando los derechos del otro y expresando nuestros sentimientos de forma clara. La asertividad sirve para no ser manipulados, consiste en saber hacer y recibir elogios y quejas. En definitiva, es una actitud delante la vida que nos hace sentir mejores, y como todo, se aprende.\u00a0<\/span><\/p>\n<p style=\"text-align: justify;\"><span style=\"font-size: medium;\">En este curso queremos dotar al alumno de las herramientas y la metodolog\u00eda adecuada para que puedan resolver los conflictos, adem\u00e1s de ense\u00f1ar al alumnado a construir relaciones m\u00e1s sanas, libres y emocionalmente inteligentes.<\/span><\/p>\n<p>[\/et_pb_text][et_pb_image src=\u00bbhttps:\/\/lartdecomunicar.cat\/wp-content\/uploads\/2018\/11\/asertividad-1.jpg\u00bb align_tablet=\u00bbcenter\u00bb align_last_edited=\u00bbon|desktop\u00bb _builder_version=\u00bb4.16&#8243; max_width=\u00bb70%\u00bb module_alignment=\u00bbcenter\u00bb global_colors_info=\u00bb{}\u00bb align_phone=\u00bbcenter\u00bb][\/et_pb_image][et_pb_divider _builder_version=\u00bb4.16&#8243; global_colors_info=\u00bb{}\u00bb][\/et_pb_divider][\/et_pb_column_inner][\/et_pb_row_inner][et_pb_row_inner module_id=\u00bbatencio\u00bb _builder_version=\u00bb4.16&#8243; background_color=\u00bb#791417&#8243; module_alignment=\u00bbcenter\u00bb custom_padding=\u00bb0|0px|0|0px|false|false\u00bb border_radii=\u00bbon|30px|30px|30px|30px\u00bb global_colors_info=\u00bb{}\u00bb][et_pb_column_inner saved_specialty_column_type=\u00bb2_3&#8243; _builder_version=\u00bb4.16&#8243; custom_padding=\u00bb|||\u00bb global_colors_info=\u00bb{}\u00bb parallax__hover=\u00bboff\u00bb parallax_method__hover=\u00bbon\u00bb custom_padding__hover=\u00bb|||\u00bb][et_pb_text _builder_version=\u00bb4.27.4&#8243; text_font=\u00bbRoboto Slab||||||||\u00bb text_text_color=\u00bb#000000&#8243; text_font_size=\u00bb24px\u00bb header_font=\u00bbRoboto Slab||||||||\u00bb header_text_color=\u00bb#000000&#8243; custom_padding=\u00bb5px|5px|5px|5px\u00bb hover_enabled=\u00bb0&#8243; inline_fonts=\u00bbRoboto Slab\u00bb global_colors_info=\u00bb{}\u00bb sticky_enabled=\u00bb0&#8243;]<\/p>\n<h2 style=\"text-align: center;\"><span style=\"font-size: x-large; color: #ffffff; font-family: 'Roboto Slab'; font-weight: normal;\"><strong>Gesti\u00f3n emocional en atenci\u00f3n al cliente<\/strong><\/span><\/h2>\n<p>[\/et_pb_text][\/et_pb_column_inner][\/et_pb_row_inner][et_pb_row_inner _builder_version=\u00bb4.16&#8243; custom_padding=\u00bb30px|0px|30px|0px|false|false\u00bb global_colors_info=\u00bb{}\u00bb][et_pb_column_inner saved_specialty_column_type=\u00bb2_3&#8243; _builder_version=\u00bb4.16&#8243; custom_padding=\u00bb|||\u00bb global_colors_info=\u00bb{}\u00bb parallax__hover=\u00bboff\u00bb parallax_method__hover=\u00bbon\u00bb custom_padding__hover=\u00bb|||\u00bb][et_pb_text _builder_version=\u00bb4.16&#8243; global_colors_info=\u00bb{}\u00bb]<\/p>\n<p style=\"text-align: justify;\"><span style=\"font-size: medium;\">Cualquier persona que trabaje de cara al p\u00fablico tiene que poder adquirir la capacidad de gestionar, entender, seleccionar y trabajar las propias emociones y las de los otros con eficiencia y generando resultados positivos. Es decir, la habilidad para gestionar bien las emociones. Tanto las nuestras como las de los otros.<\/span><\/p>\n<blockquote>\n<p style=\"text-align: justify;\"><span style=\"font-size: medium;\">En el trato con el cliente, la escucha activa, el conocimiento del lenguaje no verbal, la gesti\u00f3n emocional y la resoluci\u00f3n de conflictos son vitales por tal de tener una experiencia satisfactoria para los dos lados.<\/span><\/p>\n<\/blockquote>\n<p style=\"text-align: justify;\"><span style=\"font-size: medium;\">Proponemos en este curso dotar al alumno de esas herramientas que le permitan atender de manera correcta y eficaz a cada tipo de cliente. Previniendo as\u00ed posibles malentendidos y conflictos y adquiriendo las habilidades para poder resolverlos si estos se producen. Tambi\u00e9n proporcionar la confianza y la resoluci\u00f3n requeridas para que el trato con el p\u00fablico pase de ser correcto y cort\u00e9s a ser un verdadero acto comunicativo donde consigamos una total satisfacci\u00f3n y fidelizaci\u00f3n del cliente.<\/span><\/p>\n<p>[\/et_pb_text][et_pb_image src=\u00bbhttps:\/\/lartdecomunicar.cat\/wp-content\/uploads\/2018\/11\/client.jpg\u00bb align=\u00bbcenter\u00bb align_tablet=\u00bbcenter\u00bb align_last_edited=\u00bbon|desktop\u00bb _builder_version=\u00bb4.16&#8243; max_width=\u00bb73%\u00bb module_alignment=\u00bbcenter\u00bb global_colors_info=\u00bb{}\u00bb align_phone=\u00bbcenter\u00bb][\/et_pb_image][et_pb_divider _builder_version=\u00bb4.16&#8243; global_colors_info=\u00bb{}\u00bb][\/et_pb_divider][\/et_pb_column_inner][\/et_pb_row_inner][et_pb_row_inner module_id=\u00bbcnv\u00bb _builder_version=\u00bb4.16&#8243; background_color=\u00bb#791417&#8243; module_alignment=\u00bbcenter\u00bb custom_padding=\u00bb0|0px|0|0px|false|false\u00bb border_radii=\u00bbon|30px|30px|30px|30px\u00bb global_colors_info=\u00bb{}\u00bb][et_pb_column_inner saved_specialty_column_type=\u00bb2_3&#8243; _builder_version=\u00bb4.16&#8243; custom_padding=\u00bb|||\u00bb global_colors_info=\u00bb{}\u00bb parallax__hover=\u00bboff\u00bb parallax_method__hover=\u00bbon\u00bb custom_padding__hover=\u00bb|||\u00bb][et_pb_text _builder_version=\u00bb4.27.4&#8243; text_font=\u00bbRoboto Slab||||||||\u00bb text_text_color=\u00bb#000000&#8243; text_font_size=\u00bb24px\u00bb header_font=\u00bbRoboto Slab||||||||\u00bb header_text_color=\u00bb#000000&#8243; custom_padding=\u00bb5px|5px|5px|5px\u00bb hover_enabled=\u00bb0&#8243; inline_fonts=\u00bbRoboto Slab\u00bb global_colors_info=\u00bb{}\u00bb sticky_enabled=\u00bb0&#8243;]<\/p>\n<h2 style=\"text-align: center;\"><span style=\"font-size: x-large; color: #ffffff; font-family: 'Roboto Slab'; font-weight: normal;\"><strong>Comunicaci\u00f3n no verbal y proyecci\u00f3n personal<\/strong><\/span><\/h2>\n<p>[\/et_pb_text][\/et_pb_column_inner][\/et_pb_row_inner][et_pb_row_inner _builder_version=\u00bb4.16&#8243; custom_padding=\u00bb30px|0px|30px|0px|false|false\u00bb global_colors_info=\u00bb{}\u00bb][et_pb_column_inner saved_specialty_column_type=\u00bb2_3&#8243; _builder_version=\u00bb4.16&#8243; custom_padding=\u00bb|||\u00bb global_colors_info=\u00bb{}\u00bb parallax__hover=\u00bboff\u00bb parallax_method__hover=\u00bbon\u00bb custom_padding__hover=\u00bb|||\u00bb][et_pb_text _builder_version=\u00bb4.16&#8243; global_colors_info=\u00bb{}\u00bb]<\/p>\n<p style=\"text-align: justify;\"><span style=\"font-size: medium;\">El lenguaje del cuerpo es m\u00e1s expresivo y comunicativo que el de la palabra. Nuestro cuerpo nos delata. Nuestro cuerpo es un libro abierto donde los otros pueden obtener mucha informaci\u00f3n sin que seamos conscientes.\u00a0<\/span><\/p>\n<blockquote>\n<p style=\"text-align: justify;\"><span style=\"font-size: medium;\">Un gesto, una mirada, una postura informan m\u00e1s que nuestras emociones, pensamientos y que todo lo que podamos decir. Saber qu\u00e9 hacer en todo momento, que el cuerpo no nos juegue malas pasadas, no tener reacciones inconscientes e inesperadas&#8230; Es solo una cuesti\u00f3n de auto-aprendizaje y de auto-conocimiento.<\/span><\/p>\n<\/blockquote>\n<p style=\"text-align: justify;\"><span style=\"font-size: medium;\">Con estas sesiones descubrir\u00e1s el lenguaje secreto de tu cuerpo, nos conoceremos a nosotros y a los dem\u00e1s en profundidad, generando as\u00ed una mejor cualidad en nuestras relaciones.<\/span><\/p>\n<p>[\/et_pb_text][et_pb_image src=\u00bbhttps:\/\/lartdecomunicar.cat\/wp-content\/uploads\/2018\/11\/com-no-verbal-1.jpg\u00bb align=\u00bbcenter\u00bb align_tablet=\u00bbcenter\u00bb align_last_edited=\u00bbon|desktop\u00bb _builder_version=\u00bb4.16&#8243; max_width=\u00bb70%\u00bb global_colors_info=\u00bb{}\u00bb align_phone=\u00bbcenter\u00bb][\/et_pb_image][et_pb_divider _builder_version=\u00bb4.16&#8243; global_colors_info=\u00bb{}\u00bb][\/et_pb_divider][\/et_pb_column_inner][\/et_pb_row_inner][et_pb_row_inner module_id=\u00bbeines1&#8243; _builder_version=\u00bb4.16&#8243; background_color=\u00bb#791417&#8243; module_alignment=\u00bbcenter\u00bb custom_padding=\u00bb0|0px|0|0px|false|false\u00bb border_radii=\u00bbon|30px|30px|30px|30px\u00bb global_colors_info=\u00bb{}\u00bb][et_pb_column_inner saved_specialty_column_type=\u00bb2_3&#8243; _builder_version=\u00bb4.16&#8243; custom_padding=\u00bb|||\u00bb global_colors_info=\u00bb{}\u00bb parallax__hover=\u00bboff\u00bb parallax_method__hover=\u00bbon\u00bb custom_padding__hover=\u00bb|||\u00bb][et_pb_text _builder_version=\u00bb4.27.4&#8243; text_font=\u00bbRoboto Slab||||||||\u00bb text_text_color=\u00bb#000000&#8243; text_font_size=\u00bb24px\u00bb header_font=\u00bbRoboto Slab||||||||\u00bb header_text_color=\u00bb#000000&#8243; custom_padding=\u00bb5px|5px|5px|5px\u00bb hover_enabled=\u00bb0&#8243; inline_fonts=\u00bbRoboto Slab\u00bb global_colors_info=\u00bb{}\u00bb sticky_enabled=\u00bb0&#8243;]<\/p>\n<h2 style=\"text-align: center;\"><span style=\"font-size: x-large; color: #ffffff; font-family: 'Roboto Slab'; font-weight: normal;\"><strong>Herramientas teatrales (I): Reforzamiento del trabajo en equipo<\/strong><\/span><\/h2>\n<p>[\/et_pb_text][\/et_pb_column_inner][\/et_pb_row_inner][et_pb_row_inner _builder_version=\u00bb4.16&#8243; custom_padding=\u00bb30px|0px|30px|0px|false|false\u00bb global_colors_info=\u00bb{}\u00bb][et_pb_column_inner saved_specialty_column_type=\u00bb2_3&#8243; _builder_version=\u00bb4.16&#8243; custom_padding=\u00bb|||\u00bb global_colors_info=\u00bb{}\u00bb parallax__hover=\u00bboff\u00bb parallax_method__hover=\u00bbon\u00bb custom_padding__hover=\u00bb|||\u00bb][et_pb_text _builder_version=\u00bb4.16&#8243; global_colors_info=\u00bb{}\u00bb]<\/p>\n<p style=\"text-align: justify;\"><span style=\"font-size: medium;\">En un mundo laboral donde cada vez es m\u00e1s importante el trabajo en equipo y en red, desde LART proponemos un curso l\u00fadico, divertido, estimulante y original y sobretodo pensado para cumplir con los distintos par\u00e1metros que creemos que son esenciales al momento de conseguir los objetivos de la cooperaci\u00f3n.<\/span><\/p>\n<p style=\"text-align: justify;\"><span style=\"font-size: medium;\">Nuestra finalidad es fomentar la cooperaci\u00f3n entre personas de distintos \u00e1mbitos y\/o or\u00edgenes distintos, generando un sentimiento de pertenencia a un grupo, tan necesario para el buen desarrollo a posteriori de las distintas tareas, tanto individuales como grupales.<\/span><\/p>\n<blockquote>\n<p style=\"text-align: justify;\"><span style=\"font-size: medium;\">Saber trabajar en grupo es un valor fundamental en nuestra sociedad que debe incentivarse, ya que proporciona unas herramientas al momento de enfrentarse al mercado laboral y tambi\u00e9n ayuda a gestionar sus relaciones personales.<\/span><\/p>\n<\/blockquote>\n<p style=\"text-align: justify;\"><span style=\"font-size: medium;\">Sentir y querer formar parte de un engranaje, sabiendo que tu aportaci\u00f3n es reconocida y apreciada en el proceso de un proyecto es para cualquier persona imprescindible para subir el autoestima. La actividad pues, ha estado concebida para aprender a trabajar en grupo des de la diversi\u00f3n y el placer, ya que creemos que es la manera que cualquier persona se encuentra m\u00e1s receptiva y abierta a propuestas y novedades.<\/span><\/p>\n<p>[\/et_pb_text][et_pb_image src=\u00bbhttps:\/\/lartdecomunicar.cat\/wp-content\/uploads\/2018\/11\/treball-en-equip-2.jpg\u00bb align=\u00bbcenter\u00bb align_tablet=\u00bbcenter\u00bb align_last_edited=\u00bbon|desktop\u00bb _builder_version=\u00bb4.16&#8243; max_width=\u00bb60%\u00bb module_alignment=\u00bbcenter\u00bb global_colors_info=\u00bb{}\u00bb align_phone=\u00bbcenter\u00bb][\/et_pb_image][et_pb_divider _builder_version=\u00bb4.16&#8243; global_colors_info=\u00bb{}\u00bb][\/et_pb_divider][\/et_pb_column_inner][\/et_pb_row_inner][et_pb_row_inner _builder_version=\u00bb4.16&#8243; background_color=\u00bb#791417&#8243; module_alignment=\u00bbcenter\u00bb custom_padding=\u00bb0|0px|0|0px|false|false\u00bb border_radii=\u00bbon|30px|30px|30px|30px\u00bb global_colors_info=\u00bb{}\u00bb][et_pb_column_inner saved_specialty_column_type=\u00bb2_3&#8243; _builder_version=\u00bb4.16&#8243; custom_padding=\u00bb|||\u00bb global_colors_info=\u00bb{}\u00bb parallax__hover=\u00bboff\u00bb parallax_method__hover=\u00bbon\u00bb custom_padding__hover=\u00bb|||\u00bb][et_pb_text module_id=\u00bbeines2&#8243; _builder_version=\u00bb4.27.4&#8243; text_font=\u00bbRoboto Slab||||||||\u00bb text_text_color=\u00bb#000000&#8243; text_font_size=\u00bb24px\u00bb header_font=\u00bbRoboto Slab||||||||\u00bb header_text_color=\u00bb#000000&#8243; custom_padding=\u00bb5px|5px|5px|5px\u00bb hover_enabled=\u00bb0&#8243; inline_fonts=\u00bbRoboto Slab\u00bb global_colors_info=\u00bb{}\u00bb sticky_enabled=\u00bb0&#8243;]<\/p>\n<h2 style=\"text-align: center;\"><span style=\"font-size: x-large; color: #ffffff; font-family: 'Roboto Slab'; font-weight: normal;\"><strong>Herramientas teatrales (II): Desarrollo de la creatividad\u00a0<\/strong><\/span><\/h2>\n<p>[\/et_pb_text][\/et_pb_column_inner][\/et_pb_row_inner][et_pb_row_inner _builder_version=\u00bb4.16&#8243; custom_padding=\u00bb30px|0px|30px|0px|false|false\u00bb global_colors_info=\u00bb{}\u00bb][et_pb_column_inner saved_specialty_column_type=\u00bb2_3&#8243; _builder_version=\u00bb4.16&#8243; custom_padding=\u00bb|||\u00bb global_colors_info=\u00bb{}\u00bb parallax__hover=\u00bboff\u00bb parallax_method__hover=\u00bbon\u00bb custom_padding__hover=\u00bb|||\u00bb][et_pb_text _builder_version=\u00bb4.16&#8243; global_colors_info=\u00bb{}\u00bb]<\/p>\n<p style=\"text-align: justify;\"><span style=\"font-size: medium;\">Al contrario de lo que generalmente se cree, la \u00abcreatividad\u00bb no es un don, sino que es un posicionamiento vital. Es decir, se puede aprender y educar bajo estos cuatro pilares fundamentale<\/span><span style=\"font-size: medium;\">s.<\/span><\/p>\n<p style=\"text-align: justify;\"><span style=\"font-size: medium;\"><\/span><\/p>\n<ol style=\"text-align: justify;\">\n<li><span style=\"font-size: medium;\"><strong>La intuici\u00f3n\u00a0<\/strong>que todos poseemos aunque estemos desconectados de ella por desconfianza.\u00a0<\/span><\/li>\n<li><span style=\"font-size: medium;\"><strong>La confianza en nosotros mismos<\/strong>\u00a0tal que no tengamos miedo al error.<\/span><\/li>\n<li><span style=\"font-size: medium;\"><strong>El desarrollo de la imaginaci\u00f3n,<\/strong>\u00a0es decir, la capacidad de mirar imaginariamente nuestros conocimientos.\u00a0<\/span><\/li>\n<li><span style=\"font-size: medium;\"><strong>La eliminaci\u00f3n de barreras mentales:<\/strong>\u00a0Estar abiertos mentalmente a todo lo que nos rodea, despertando la capacidad de mirar al mundo des de distintos \u00e1ngulos.\u00a0<\/span><\/li>\n<\/ol>\n<blockquote>\n<p style=\"text-align: justify;\"><span style=\"font-size: medium;\">Proponemos en este cursos ponernos a trabajar muy seriamente para ser m\u00e1s l\u00fadicos, atrevidos e imaginativos, con sentido del humor y desarrollando el sentimiento de grupo, para sacar de nosotros mismos, de nuestros l\u00edmites, al ser creativo que llevamos dentro.<\/span><\/p>\n<\/blockquote>\n<p>[\/et_pb_text][et_pb_image src=\u00bbhttps:\/\/lartdecomunicar.cat\/wp-content\/uploads\/2018\/11\/creativitat-1.jpg\u00bb align=\u00bbcenter\u00bb align_tablet=\u00bbcenter\u00bb align_last_edited=\u00bbon|desktop\u00bb _builder_version=\u00bb4.16&#8243; max_width=\u00bb58%\u00bb module_alignment=\u00bbcenter\u00bb global_colors_info=\u00bb{}\u00bb align_phone=\u00bbcenter\u00bb][\/et_pb_image][et_pb_divider _builder_version=\u00bb4.16&#8243; global_colors_info=\u00bb{}\u00bb][\/et_pb_divider][\/et_pb_column_inner][\/et_pb_row_inner][et_pb_row_inner _builder_version=\u00bb4.16&#8243; background_color=\u00bb#791417&#8243; module_alignment=\u00bbcenter\u00bb custom_padding=\u00bb0|0px|0|0px|false|false\u00bb border_radii=\u00bbon|30px|30px|30px|30px\u00bb global_colors_info=\u00bb{}\u00bb][et_pb_column_inner saved_specialty_column_type=\u00bb2_3&#8243; _builder_version=\u00bb4.16&#8243; custom_padding=\u00bb|||\u00bb global_colors_info=\u00bb{}\u00bb parallax__hover=\u00bboff\u00bb parallax_method__hover=\u00bbon\u00bb custom_padding__hover=\u00bb|||\u00bb][et_pb_text module_id=\u00bbhabilitats\u00bb _builder_version=\u00bb4.27.4&#8243; text_font=\u00bbRoboto Slab||||||||\u00bb text_text_color=\u00bb#000000&#8243; text_font_size=\u00bb24px\u00bb header_font=\u00bbRoboto Slab||||||||\u00bb header_text_color=\u00bb#000000&#8243; custom_padding=\u00bb5px|5px|5px|5px\u00bb hover_enabled=\u00bb0&#8243; inline_fonts=\u00bbRoboto Slab\u00bb global_colors_info=\u00bb{}\u00bb sticky_enabled=\u00bb0&#8243;]<\/p>\n<h2 style=\"text-align: center;\"><span style=\"font-size: x-large; color: #ffffff; font-family: 'Roboto Slab'; font-weight: normal;\"><strong>Habilidades comunicativas<\/strong><\/span><\/h2>\n<p>[\/et_pb_text][\/et_pb_column_inner][\/et_pb_row_inner][et_pb_row_inner _builder_version=\u00bb4.16&#8243; custom_padding=\u00bb30px|0px|30px|0px|false|false\u00bb global_colors_info=\u00bb{}\u00bb][et_pb_column_inner saved_specialty_column_type=\u00bb2_3&#8243; _builder_version=\u00bb4.16&#8243; custom_padding=\u00bb|||\u00bb global_colors_info=\u00bb{}\u00bb parallax__hover=\u00bboff\u00bb parallax_method__hover=\u00bbon\u00bb custom_padding__hover=\u00bb|||\u00bb][et_pb_text _builder_version=\u00bb4.16&#8243; global_colors_info=\u00bb{}\u00bb]<\/p>\n<blockquote>\n<p style=\"text-align: justify;\"><span style=\"font-size: medium;\">El arte de la oratoria a corta distancia. El arte de saber hablar, de comunicar improvisadamente delante de situaciones no previstas. El arte de saber llevar una reuni\u00f3n, un encuentro con rapidez, elegancia y sobretodo, eficacia. El arte de la discusi\u00f3n constructiva, de la escucha activa, de la exposici\u00f3n r\u00e1pida y clara de nuestras ideas. El arte de la comodidad en la comunicaci\u00f3n, de la facilidad de palabra, el arte de convencer y saber negociar, el arte del di\u00e1logo, de la conversaci\u00f3n.\u00a0<\/span><\/p>\n<\/blockquote>\n<p><span style=\"font-size: medium;\">En estas sesiones descubriremos todos nuestros recursos expresivos, nuestro sentido del humor y nuestra intuici\u00f3n, poni\u00e9ndolos al servicio de una comunicaci\u00f3n abierta, positiva, eficaz y feliz con nuestro entorno. En definitiva, el arte de seducir.<\/span>[\/et_pb_text][et_pb_image src=\u00bbhttps:\/\/lartdecomunicar.cat\/wp-content\/uploads\/2018\/11\/comunicative-skills-1.jpg\u00bb align=\u00bbcenter\u00bb align_tablet=\u00bbcenter\u00bb align_last_edited=\u00bbon|desktop\u00bb _builder_version=\u00bb4.16&#8243; max_width=\u00bb57%\u00bb module_alignment=\u00bbcenter\u00bb global_colors_info=\u00bb{}\u00bb align_phone=\u00bbcenter\u00bb][\/et_pb_image][et_pb_divider _builder_version=\u00bb4.16&#8243; global_colors_info=\u00bb{}\u00bb][\/et_pb_divider][\/et_pb_column_inner][\/et_pb_row_inner][et_pb_row_inner _builder_version=\u00bb4.16&#8243; background_color=\u00bb#791417&#8243; module_alignment=\u00bbcenter\u00bb custom_padding=\u00bb0|0px|0|0px|false|false\u00bb border_radii=\u00bbon|30px|30px|30px|30px\u00bb global_colors_info=\u00bb{}\u00bb][et_pb_column_inner saved_specialty_column_type=\u00bb2_3&#8243; _builder_version=\u00bb4.16&#8243; custom_padding=\u00bb|||\u00bb global_colors_info=\u00bb{}\u00bb parallax__hover=\u00bboff\u00bb parallax_method__hover=\u00bbon\u00bb custom_padding__hover=\u00bb|||\u00bb][et_pb_text module_id=\u00bbintel\u00bb _builder_version=\u00bb4.27.4&#8243; text_font=\u00bbRoboto Slab||||||||\u00bb text_text_color=\u00bb#000000&#8243; text_font_size=\u00bb24px\u00bb header_font=\u00bbRoboto Slab||||||||\u00bb header_text_color=\u00bb#000000&#8243; custom_padding=\u00bb5px|5px|5px|5px\u00bb hover_enabled=\u00bb0&#8243; inline_fonts=\u00bbRoboto Slab\u00bb global_colors_info=\u00bb{}\u00bb sticky_enabled=\u00bb0&#8243;]<\/p>\n<h2 style=\"text-align: center;\"><span style=\"font-size: x-large; color: #ffffff; font-family: 'Roboto Slab'; font-weight: normal;\"><strong>Inteligencia emocional y liderazgo<\/strong><\/span><\/h2>\n<p>[\/et_pb_text][\/et_pb_column_inner][\/et_pb_row_inner][et_pb_row_inner _builder_version=\u00bb4.16&#8243; custom_padding=\u00bb30px|0px|30px|0px|false|false\u00bb global_colors_info=\u00bb{}\u00bb][et_pb_column_inner saved_specialty_column_type=\u00bb2_3&#8243; _builder_version=\u00bb4.16&#8243; custom_padding=\u00bb|||\u00bb global_colors_info=\u00bb{}\u00bb parallax__hover=\u00bboff\u00bb parallax_method__hover=\u00bbon\u00bb custom_padding__hover=\u00bb|||\u00bb][et_pb_text _builder_version=\u00bb4.16&#8243; global_colors_info=\u00bb{}\u00bb]<\/p>\n<p style=\"text-align: justify;\"><span style=\"font-size: medium;\">La inteligencia se define como: \u00abCapacidad de entender o comprender, de resolver problemas, habilidad, destreza y experiencia\u00bb.<\/span><\/p>\n<blockquote>\n<p style=\"text-align: justify;\"><span style=\"font-size: medium;\">En trabajar con equipos humanos surge la dificultad de usar esta inteligencia aplicada a las emociones propias y la de nuestros trabajadores, cre\u00e1ndose en muchas ocasiones tensiones, malentendidos, dificultades al momento de liderar, ambientes de trabajo cargados de emociones negativas que dificultan el trabajo en equipo, incomprensiones&#8230;<\/span><\/p>\n<\/blockquote>\n<p style=\"text-align: justify;\"><span style=\"font-size: medium;\">Es necesario aprender a usar otro tipo de inteligencia al momento de trabajar y liderar grupos humanos, la inteligencia emocional. Sentir, entender y controlar las propias emociones y las ajenas es la herramienta principal del liderazgo asertivo.\u00a0<\/span><\/p>\n<p>[\/et_pb_text][et_pb_image src=\u00bbhttps:\/\/lartdecomunicar.cat\/wp-content\/uploads\/2018\/11\/lider-1.jpg\u00bb align=\u00bbcenter\u00bb align_tablet=\u00bbcenter\u00bb align_last_edited=\u00bbon|desktop\u00bb _builder_version=\u00bb4.16&#8243; max_width=\u00bb61%\u00bb global_colors_info=\u00bb{}\u00bb align_phone=\u00bbcenter\u00bb][\/et_pb_image][et_pb_divider _builder_version=\u00bb4.16&#8243; global_colors_info=\u00bb{}\u00bb][\/et_pb_divider][\/et_pb_column_inner][\/et_pb_row_inner][et_pb_row_inner _builder_version=\u00bb4.16&#8243; background_color=\u00bb#791417&#8243; module_alignment=\u00bbcenter\u00bb custom_padding=\u00bb0|0px|0|0px|false|false\u00bb border_radii=\u00bbon|30px|30px|30px|30px\u00bb global_colors_info=\u00bb{}\u00bb][et_pb_column_inner saved_specialty_column_type=\u00bb2_3&#8243; _builder_version=\u00bb4.16&#8243; custom_padding=\u00bb|||\u00bb global_colors_info=\u00bb{}\u00bb parallax__hover=\u00bboff\u00bb parallax_method__hover=\u00bbon\u00bb custom_padding__hover=\u00bb|||\u00bb][et_pb_text module_id=\u00bboratoria\u00bb _builder_version=\u00bb4.27.4&#8243; text_font=\u00bbRoboto Slab||||||||\u00bb text_text_color=\u00bb#000000&#8243; text_font_size=\u00bb24px\u00bb header_font=\u00bbRoboto Slab||||||||\u00bb header_text_color=\u00bb#000000&#8243; custom_padding=\u00bb5px|5px|5px|5px\u00bb hover_enabled=\u00bb0&#8243; inline_fonts=\u00bbRoboto Slab\u00bb global_colors_info=\u00bb{}\u00bb sticky_enabled=\u00bb0&#8243;]<\/p>\n<h2 style=\"text-align: center;\"><span style=\"font-size: x-large; color: #ffffff; font-family: 'Roboto Slab'; font-weight: normal;\"><strong>Curso de oratoria<\/strong><\/span><\/h2>\n<p>[\/et_pb_text][\/et_pb_column_inner][\/et_pb_row_inner][et_pb_row_inner _builder_version=\u00bb4.16&#8243; custom_padding=\u00bb30px|0px|30px|0px|false|false\u00bb global_colors_info=\u00bb{}\u00bb][et_pb_column_inner saved_specialty_column_type=\u00bb2_3&#8243; _builder_version=\u00bb4.16&#8243; custom_padding=\u00bb|||\u00bb global_colors_info=\u00bb{}\u00bb parallax__hover=\u00bboff\u00bb parallax_method__hover=\u00bbon\u00bb custom_padding__hover=\u00bb|||\u00bb][et_pb_text _builder_version=\u00bb4.16&#8243; global_colors_info=\u00bb{}\u00bb]<\/p>\n<p style=\"text-align: justify;\"><span style=\"font-size: medium;\">Comunicar, seducir, convencer, expresar con claridad conceptos complejos, exponer de un modo ameno los pensamientos y las voluntades: lo que los cl\u00e1sicos llamaban oratoria.\u00a0<\/span><\/p>\n<blockquote>\n<p style=\"text-align: justify;\"><span style=\"font-size: medium;\">Hablar en p\u00fablico no es solo transmitir una serie de conceptos o mensajes. Hablar en p\u00fablico, comunicar, es crear un espacio de intimidad y confianza, es en definitiva abrirnos a los dem\u00e1s de la forma m\u00e1s sincera posible. El buen orador convence, seduce, crea una comunicaci\u00f3n total con los oyentes a nivel racional, emocional e instintivo. No podemos olvidar que de toda la informaci\u00f3n que recibe el oyente, s\u00f3lo el 30% es el mensaje, es decir, lo que decimos; el 70% restante lo recibir\u00e1 de nosotros, como decimos lo que decimos y qu\u00e9 dice nuestro cuerpo a la hora de comunicar.<\/span><\/p>\n<\/blockquote>\n<p style=\"text-align: justify;\"><span style=\"font-size: medium;\">Proponemos en este curso t\u00e9cnicas teatrales para ayudar a desarrollar al m\u00e1ximo las potencialidades ocultas de nuestros clientes, con tal que esta seducci\u00f3n se transmita tambi\u00e9n a trav\u00e9s de su discurso, su voz, su mirada, sus movimientos&#8230;\u00a0<\/span><\/p>\n<p style=\"text-align: justify;\"><span style=\"font-size: medium;\">Aprenderemos el arte de la discusi\u00f3n constructiva, de la escucha activa, de la exposici\u00f3n r\u00e1pida y clara de nuestras ideas. El arte de la comodidad en la comunicaci\u00f3n, de la facilidad de la palabra, el arte de convencer y saber negociar, el arte del di\u00e1logo, del debate. En definitiva,\u00a0<strong>el arte de seducir.<\/strong><\/span><\/p>\n<p>[\/et_pb_text][et_pb_image src=\u00bbhttps:\/\/lartdecomunicar.cat\/wp-content\/uploads\/2018\/11\/oratoria.jpg\u00bb align=\u00bbcenter\u00bb align_tablet=\u00bbcenter\u00bb align_last_edited=\u00bbon|desktop\u00bb _builder_version=\u00bb4.16&#8243; max_width=\u00bb57%\u00bb module_alignment=\u00bbcenter\u00bb global_colors_info=\u00bb{}\u00bb align_phone=\u00bbcenter\u00bb][\/et_pb_image][et_pb_divider _builder_version=\u00bb4.16&#8243; global_colors_info=\u00bb{}\u00bb][\/et_pb_divider][\/et_pb_column_inner][\/et_pb_row_inner][et_pb_row_inner _builder_version=\u00bb4.16&#8243; background_color=\u00bb#791417&#8243; module_alignment=\u00bbcenter\u00bb custom_padding=\u00bb0|0px|0|0px|false|false\u00bb border_radii=\u00bbon|30px|30px|30px|30px\u00bb global_colors_info=\u00bb{}\u00bb][et_pb_column_inner saved_specialty_column_type=\u00bb2_3&#8243; _builder_version=\u00bb4.16&#8243; custom_padding=\u00bb|||\u00bb global_colors_info=\u00bb{}\u00bb parallax__hover=\u00bboff\u00bb parallax_method__hover=\u00bbon\u00bb custom_padding__hover=\u00bb|||\u00bb][et_pb_text module_id=\u00bbtecniques\u00bb _builder_version=\u00bb4.27.4&#8243; text_font=\u00bbRoboto Slab||||||||\u00bb text_text_color=\u00bb#000000&#8243; text_font_size=\u00bb24px\u00bb header_font=\u00bbRoboto Slab||||||||\u00bb header_text_color=\u00bb#000000&#8243; custom_padding=\u00bb5px|5px|5px|5px\u00bb hover_enabled=\u00bb0&#8243; inline_fonts=\u00bbRoboto Slab\u00bb global_colors_info=\u00bb{}\u00bb sticky_enabled=\u00bb0&#8243;]<\/p>\n<h2 style=\"text-align: center;\"><span style=\"font-size: x-large; color: #ffffff; font-family: 'Roboto Slab'; font-weight: normal;\"><strong>T\u00e9cnicas y habilidades para comerciales (captaci\u00f3n)<\/strong><\/span><\/h2>\n<p>[\/et_pb_text][\/et_pb_column_inner][\/et_pb_row_inner][et_pb_row_inner _builder_version=\u00bb4.16&#8243; custom_padding=\u00bb30px|0px|30px|0px|false|false\u00bb global_colors_info=\u00bb{}\u00bb][et_pb_column_inner saved_specialty_column_type=\u00bb2_3&#8243; _builder_version=\u00bb4.16&#8243; custom_padding=\u00bb|||\u00bb global_colors_info=\u00bb{}\u00bb parallax__hover=\u00bboff\u00bb parallax_method__hover=\u00bbon\u00bb custom_padding__hover=\u00bb|||\u00bb][et_pb_text _builder_version=\u00bb4.16&#8243; global_colors_info=\u00bb{}\u00bb]<\/p>\n<p style=\"text-align: justify;\"><span style=\"font-size: medium;\">La asertividad se define como: \u00abla habilidad de expresar nuestros deseos de una forma afable, franca, abierta, directa y adecuada. Llegando a decir lo que queremos sin ir en contra de los dem\u00e1s. Negociando con ellos su cumplimiento.\u00bb Es sin duda la herramienta m\u00e1s eficaz para facilitar la comunicaci\u00f3n entre seres humanos y la mejor manera de influir en los dem\u00e1s de forma \u00edntegra y \u00e9tica.<\/span><\/p>\n<blockquote>\n<p style=\"text-align: justify;\"><span style=\"font-size: medium;\">En trabajar de cara al p\u00fablico, sobretodo en tareas de captaci\u00f3n, surge la dificultad de usar esta inteligencia aplicada a las emociones propias y la de nuestros semejantes. Es necesario aprender a usar otro tipo de inteligencia, la inteligencia emocional.<\/span><\/p>\n<\/blockquote>\n<p>[\/et_pb_text][et_pb_image src=\u00bbhttps:\/\/lartdecomunicar.cat\/wp-content\/uploads\/2018\/11\/comercials-1.jpg\u00bb align=\u00bbcenter\u00bb align_tablet=\u00bbcenter\u00bb align_last_edited=\u00bbon|desktop\u00bb _builder_version=\u00bb4.16&#8243; max_width=\u00bb54%\u00bb global_colors_info=\u00bb{}\u00bb align_phone=\u00bbcenter\u00bb][\/et_pb_image][et_pb_divider _builder_version=\u00bb4.16&#8243; global_colors_info=\u00bb{}\u00bb][\/et_pb_divider][\/et_pb_column_inner][\/et_pb_row_inner][et_pb_row_inner _builder_version=\u00bb4.16&#8243; background_color=\u00bb#791417&#8243; module_alignment=\u00bbcenter\u00bb custom_padding=\u00bb0|0px|0|0px|false|false\u00bb border_radii=\u00bbon|30px|30px|30px|30px\u00bb global_colors_info=\u00bb{}\u00bb][et_pb_column_inner saved_specialty_column_type=\u00bb2_3&#8243; _builder_version=\u00bb4.16&#8243; custom_padding=\u00bb|||\u00bb global_colors_info=\u00bb{}\u00bb parallax__hover=\u00bboff\u00bb parallax_method__hover=\u00bbon\u00bb custom_padding__hover=\u00bb|||\u00bb][et_pb_text module_id=\u00bbassessoria\u00bb _builder_version=\u00bb4.27.4&#8243; text_font=\u00bbRoboto Slab||||||||\u00bb text_text_color=\u00bb#000000&#8243; text_font_size=\u00bb24px\u00bb header_font=\u00bbRoboto Slab||||||||\u00bb header_text_color=\u00bb#000000&#8243; custom_padding=\u00bb5px|5px|5px|5px\u00bb hover_enabled=\u00bb0&#8243; inline_fonts=\u00bbRoboto Slab\u00bb global_colors_info=\u00bb{}\u00bb sticky_enabled=\u00bb0&#8243;]<\/p>\n<h2 style=\"text-align: center;\"><span style=\"font-size: x-large; color: #ffffff; font-family: 'Roboto Slab'; font-weight: normal;\"><strong>Asesor\u00eda y coach para empresas y colectivos<\/strong><\/span><\/h2>\n<p>[\/et_pb_text][\/et_pb_column_inner][\/et_pb_row_inner][et_pb_row_inner _builder_version=\u00bb4.16&#8243; custom_padding=\u00bb30px|0px|30px|0px|false|false\u00bb global_colors_info=\u00bb{}\u00bb][et_pb_column_inner saved_specialty_column_type=\u00bb2_3&#8243; _builder_version=\u00bb4.16&#8243; custom_padding=\u00bb|||\u00bb global_colors_info=\u00bb{}\u00bb parallax__hover=\u00bboff\u00bb parallax_method__hover=\u00bbon\u00bb custom_padding__hover=\u00bb|||\u00bb][et_pb_text _builder_version=\u00bb4.16&#8243; global_colors_info=\u00bb{}\u00bb]<\/p>\n<p style=\"text-align: justify;\"><span style=\"font-size: medium;\">Resolver cualquier conflicto o deficiencia comunicativa, sin duda es un hecho diferencial que aporta un plus de competitividad a cualquier organizaci\u00f3n, al mismo tiempo que da al trabajador herramientas eficaces en su trabajo diario, una mejora del autoestima y un aumento de su implicaci\u00f3n con la empresa, ya qu\u00e9 nuestra formaci\u00f3n proporciona conocimiento y est\u00edmulo a la vez.<\/span><\/p>\n<blockquote>\n<p style=\"text-align: justify;\"><span style=\"font-size: medium;\">Las estad\u00edsticas nos muestran un aumento de la preocupaci\u00f3n para la comunicaci\u00f3n interna en nuestras empresas y organizaciones. Uno de los mayores retos al que se enfrenta un equipo de trabajo es resolver los conflictos a tiempo, saber no generar otros por temas comunicativos, y crear un buen ambiente de trabajo donde la comunicaci\u00f3n y el trabajo en equipo fluyan correctamente. Est\u00e1 demostrado que los colectivos que se comunican bien, trabajan bien , y aumentan la productividad y la sensaci\u00f3n de felicidad y confianza en la propia organizaci\u00f3n. <\/span><\/p>\n<\/blockquote>\n<p style=\"text-align: justify;\"><span style=\"font-size: medium;\">Somos especialistas en asesorar y trabajar con las empresas para resolver los problemas derivados de la mala comunicaci\u00f3n.<\/span><\/p>\n<p>[\/et_pb_text][et_pb_image src=\u00bbhttps:\/\/lartdecomunicar.cat\/wp-content\/uploads\/2018\/11\/asesoria-imagen-2.jpg\u00bb align=\u00bbcenter\u00bb align_tablet=\u00bbcenter\u00bb align_last_edited=\u00bbon|desktop\u00bb _builder_version=\u00bb4.16&#8243; max_width=\u00bb53%\u00bb module_alignment=\u00bbcenter\u00bb global_colors_info=\u00bb{}\u00bb align_phone=\u00bbcenter\u00bb][\/et_pb_image][et_pb_divider _builder_version=\u00bb4.16&#8243; global_colors_info=\u00bb{}\u00bb][\/et_pb_divider][\/et_pb_column_inner][\/et_pb_row_inner][et_pb_row_inner _builder_version=\u00bb4.16&#8243; background_color=\u00bb#791417&#8243; module_alignment=\u00bbcenter\u00bb custom_padding=\u00bb0|0px|0|0px|false|false\u00bb border_radii=\u00bbon|30px|30px|30px|30px\u00bb global_colors_info=\u00bb{}\u00bb][et_pb_column_inner saved_specialty_column_type=\u00bb2_3&#8243; _builder_version=\u00bb4.16&#8243; custom_padding=\u00bb|||\u00bb global_colors_info=\u00bb{}\u00bb parallax__hover=\u00bboff\u00bb parallax_method__hover=\u00bbon\u00bb custom_padding__hover=\u00bb|||\u00bb][et_pb_text module_id=\u00bbtallers1&#8243; _builder_version=\u00bb4.27.4&#8243; text_font=\u00bbRoboto Slab||||||||\u00bb text_text_color=\u00bb#000000&#8243; text_font_size=\u00bb24px\u00bb header_font=\u00bbRoboto Slab||||||||\u00bb header_text_color=\u00bb#000000&#8243; custom_padding=\u00bb5px|5px|5px|5px\u00bb hover_enabled=\u00bb0&#8243; inline_fonts=\u00bbRoboto Slab\u00bb global_colors_info=\u00bb{}\u00bb sticky_enabled=\u00bb0&#8243;]<\/p>\n<h2 style=\"text-align: center;\"><span style=\"font-size: x-large; color: #ffffff; font-family: 'Roboto Slab'; font-weight: normal;\"><strong>Talleres para mujeres (I): Teatro y gesti\u00f3n de las emociones<\/strong><\/span><\/h2>\n<p>[\/et_pb_text][\/et_pb_column_inner][\/et_pb_row_inner][et_pb_row_inner _builder_version=\u00bb4.16&#8243; custom_padding=\u00bb30px|0px|30px|0px|false|false\u00bb global_colors_info=\u00bb{}\u00bb][et_pb_column_inner saved_specialty_column_type=\u00bb2_3&#8243; _builder_version=\u00bb4.16&#8243; custom_padding=\u00bb|||\u00bb global_colors_info=\u00bb{}\u00bb parallax__hover=\u00bboff\u00bb parallax_method__hover=\u00bbon\u00bb custom_padding__hover=\u00bb|||\u00bb][et_pb_text _builder_version=\u00bb4.16&#8243; global_colors_info=\u00bb{}\u00bb]<\/p>\n<p style=\"text-align: justify;\"><span style=\"font-size: medium;\"><em>Este taller est\u00e1 siendo impartido actualmente a Serveis Socials del Raval Sud bajo el nombre de \u00abUno, dos, tres&#8230; Acci\u00f3n\u00bb. <\/em><\/span><\/p>\n<p style=\"text-align: justify;\"><span style=\"font-size: medium;\">Des de que nacemos nos educan para seguir los mandatos de g\u00e9nero. Y en este aprendizaje, muchas veces lo primero que hacemos es ocultar, tapar, perder el contacto con nuestras emociones m\u00e1s genuinas sustituy\u00e9ndolas para aquellos que se supone que son mas aceptables para nuestro g\u00e9nero.\u00a0<\/span><\/p>\n<blockquote>\n<p style=\"text-align: justify;\"><span style=\"font-size: medium;\">Los mitos del amor rom\u00e1ntico, los micromachismos y otras veces incluso la violencia que sufren las mujeres des de la infancia, hacen que en hacerse adultas se encuentren perdidas en un mundo de decisiones y relaciones que a menudo no saben identificar: \u00bfQu\u00e9 les pasa, qu\u00e9 sienten, qu\u00e9 quieren, qu\u00e9 tienen que hacer&#8230;?\u00a0 Y que lo que m\u00e1s se vea afectado sea su autoestima, su dignidad y su capacidad para volver (o empezar) a regalarse peque\u00f1os placeres como reir, jugar, bailar&#8230; En definitiva: disfrutar. Esta desconexi\u00f3n entre lo que se siente, lo que se quiere y lo que se hace, ha mermado profundamente la autoestima de la mujer, su dignidad, su amor propio&#8230; <\/span><\/p>\n<\/blockquote>\n<p style=\"text-align: justify;\"><span style=\"font-size: medium;\">Hemos querido con este taller, que vuelvan a tomar contacto con su cuerpo, su respiraci\u00f3n, su sensibilidad y emociones para poderlas aceptar y transmitirlas con confianza en ellas mismas y los dem\u00e1s. Volver a tomar contacto con ellas mismas y los dem\u00e1s de forma aut\u00e9ntica, liber\u00e1ndose de las tensiones psicol\u00f3gicas, corporales y emocionales ligadas a la necesidad de cumplir con unas expectativas que no han elegido.<\/span><\/p>\n<p>[\/et_pb_text][et_pb_image src=\u00bbhttps:\/\/lartdecomunicar.cat\/wp-content\/uploads\/2018\/11\/gesti\u00f3-emocional-1.jpg\u00bb align=\u00bbcenter\u00bb align_tablet=\u00bbcenter\u00bb align_last_edited=\u00bbon|desktop\u00bb _builder_version=\u00bb4.16&#8243; global_colors_info=\u00bb{}\u00bb align_phone=\u00bbcenter\u00bb][\/et_pb_image][et_pb_divider _builder_version=\u00bb4.16&#8243; global_colors_info=\u00bb{}\u00bb][\/et_pb_divider][\/et_pb_column_inner][\/et_pb_row_inner][et_pb_row_inner _builder_version=\u00bb4.16&#8243; background_color=\u00bb#791417&#8243; module_alignment=\u00bbcenter\u00bb custom_padding=\u00bb0|0px|0|0px|false|false\u00bb border_radii=\u00bbon|30px|30px|30px|30px\u00bb global_colors_info=\u00bb{}\u00bb][et_pb_column_inner saved_specialty_column_type=\u00bb2_3&#8243; _builder_version=\u00bb4.16&#8243; custom_padding=\u00bb|||\u00bb global_colors_info=\u00bb{}\u00bb parallax__hover=\u00bboff\u00bb parallax_method__hover=\u00bbon\u00bb custom_padding__hover=\u00bb|||\u00bb][et_pb_text module_id=\u00bbtallers2&#8243; _builder_version=\u00bb4.27.4&#8243; text_font=\u00bbRoboto Slab||||||||\u00bb text_text_color=\u00bb#000000&#8243; text_font_size=\u00bb24px\u00bb header_font=\u00bbRoboto Slab||||||||\u00bb header_text_color=\u00bb#000000&#8243; custom_padding=\u00bb5px|5px|5px|5px\u00bb hover_enabled=\u00bb0&#8243; inline_fonts=\u00bbRoboto Slab\u00bb global_colors_info=\u00bb{}\u00bb sticky_enabled=\u00bb0&#8243;]<\/p>\n<h2 style=\"text-align: center;\"><span style=\"font-size: x-large; color: #ffffff; font-family: 'Roboto Slab'; font-weight: normal;\"><strong>Talleres para mujeres (II): Teatro y g\u00e9nero: Mitos del amor rom\u00e1ntico<\/strong><\/span><\/h2>\n<p>[\/et_pb_text][\/et_pb_column_inner][\/et_pb_row_inner][et_pb_row_inner _builder_version=\u00bb4.27.4&#8243; custom_padding=\u00bb30px|0px|30px|0px|false|false\u00bb hover_enabled=\u00bb0&#8243; global_colors_info=\u00bb{}\u00bb sticky_enabled=\u00bb0&#8243;][et_pb_column_inner saved_specialty_column_type=\u00bb2_3&#8243; _builder_version=\u00bb4.16&#8243; custom_padding=\u00bb|||\u00bb global_colors_info=\u00bb{}\u00bb parallax__hover=\u00bboff\u00bb parallax_method__hover=\u00bbon\u00bb custom_padding__hover=\u00bb|||\u00bb][et_pb_text _builder_version=\u00bb4.27.4&#8243; hover_enabled=\u00bb0&#8243; global_colors_info=\u00bb{}\u00bb sticky_enabled=\u00bb0&#8243;]<\/p>\n<blockquote>\n<p style=\"text-align: justify;\"><span style=\"font-size: medium;\">Seg\u00fan las \u00faltimas estad\u00edsticas un 40% de las mujeres de todo el estado puede estar sufriendo alg\u00fan tipo de violencia de g\u00e9nero. De hecho han muerto m\u00e1s mujeres a manos de sus parejas (o ex-parejas) que muertes producidas por el terrorismo de car\u00e1cter ideol\u00f3gico. La sociedad pero, a\u00fan no ha tomado una posici\u00f3n contundente y un\u00e1nime sobre este hecho como si lo ha hecho en el caso del terrorismo. \u00bfPor qu\u00e9 las v\u00edctimas son mujeres? \u00bfPor qu\u00e9 \u00e9sta violencia se da dentro del \u00e1mbito familiar, o de la pareja?<\/span><\/p>\n<\/blockquote>\n<p style=\"text-align: justify;\"><span style=\"font-size: medium;\">Des de una perspectiva de g\u00e9nero, proponemos este taller para revisar y ser conscientes de los primeros estadios de \u00e9sta violencia. Ya que es en estos primeros estadios, (manipulaci\u00f3n, humillaci\u00f3n, amenaza sutil, insulto, menosprecio&#8230;) donde menos conciencia de agresi\u00f3n tenemos. Trabajaremos para prevenir a nivel personal y a nivel social aquellas actitudes y acciones claramente agresivas y que muchas veces pasan desapercibidas, o incluso est\u00e1n socialmente aceptadas (y que son el magma ideol\u00f3gico id\u00f3neo para la proliferaci\u00f3n de agresiones m\u00e1s peligrosas) generando despu\u00e9s una espiral de violencia mucho m\u00e1s dif\u00edcil de detener.<\/span><\/p>\n<p style=\"text-align: justify;\"><span style=\"font-size: medium;\">Proponemos tambi\u00e9n revisar aquellos conceptos err\u00f3neos, que des de la educaci\u00f3n patriarcal y machista que todos y todas hemos recibido, justifican, entienden y silencian esta violencia, permitiendo que esta situaci\u00f3n se perpet\u00fae y se intensifique.<\/span><\/p>\n<p>[\/et_pb_text][et_pb_image src=\u00bbhttps:\/\/lartdecomunicar.cat\/wp-content\/uploads\/2018\/11\/amor-romantic.jpg\u00bb align=\u00bbcenter\u00bb align_tablet=\u00bbcenter\u00bb align_last_edited=\u00bbon|desktop\u00bb _builder_version=\u00bb4.16&#8243; max_width=\u00bb60%\u00bb module_alignment=\u00bbcenter\u00bb hover_enabled=\u00bb0&#8243; global_colors_info=\u00bb{}\u00bb sticky_enabled=\u00bb0&#8243; align_phone=\u00bbcenter\u00bb][\/et_pb_image][et_pb_divider _builder_version=\u00bb4.16&#8243; hover_enabled=\u00bb0&#8243; global_colors_info=\u00bb{}\u00bb sticky_enabled=\u00bb0&#8243;][\/et_pb_divider][\/et_pb_column_inner][\/et_pb_row_inner][\/et_pb_column][et_pb_column type=\u00bb1_3&#8243; _builder_version=\u00bb4.16&#8243; custom_padding=\u00bb|||\u00bb global_colors_info=\u00bb{}\u00bb parallax__hover=\u00bboff\u00bb parallax_method__hover=\u00bbon\u00bb custom_padding__hover=\u00bb|||\u00bb][et_pb_sidebar area=\u00bbet_pb_widget_area_2&#8243; _builder_version=\u00bb4.27.4&#8243; header_font=\u00bb|600|||||||\u00bb header_text_color=\u00bbgcid-body-color\u00bb header_font_size=\u00bb16px\u00bb body_font=\u00bb||||||||\u00bb body_text_color=\u00bb#000000&#8243; body_font_size=\u00bb11px\u00bb body_line_height=\u00bb1.2em\u00bb background_color=\u00bb#b7b7b7&#8243; background_layout=\u00bbdark\u00bb custom_margin=\u00bb-20px|||\u00bb custom_padding=\u00bb5px|5px|0px|15px\u00bb hover_enabled=\u00bb0&#8243; custom_css_main_element=\u00bbposition: fixed;\u00bb border_radii=\u00bbon|25px|25px|25px|25px\u00bb global_colors_info=\u00bb{%22gcid-body-color%22:%91%22header_text_color%22%93}\u00bb sticky_enabled=\u00bb0&#8243;][\/et_pb_sidebar][\/et_pb_column][\/et_pb_section]<\/p>\n","protected":false},"excerpt":{"rendered":"<p>Formaciones personalizadas para empresas y organizacionesEl teatro es la herramienta m\u00e1s poderosa y pr\u00e1ctica para trabajar todos esos aspectos que tienen que ver con la comunicaci\u00f3n, la motivaci\u00f3n, la organizaci\u00f3n, el riesgo, la creatividad, el trabajo en equipo, la gesti\u00f3n de conflictos, el estr\u00e9s, la atenci\u00f3n al p\u00fablico, el liderazgo, las habilidades sociales, etc. La [&hellip;]<\/p>\n","protected":false},"author":6,"featured_media":0,"parent":0,"menu_order":0,"comment_status":"closed","ping_status":"closed","template":"","meta":{"_et_pb_use_builder":"on","_et_pb_old_content":"","_et_gb_content_width":"","footnotes":""},"class_list":["post-5935","page","type-page","status-publish","hentry"],"yoast_head":"<!-- This site is optimized with the Yoast SEO plugin v27.5 - https:\/\/yoast.com\/product\/yoast-seo-wordpress\/ -->\n<title>LART saber comunicar | Cursos comunicaci\u00f3n para empresas<\/title>\n<meta name=\"description\" content=\"Nuestros cursos para empresas y organizaciones ayudar\u00e1n a mejorar la comunicaci\u00f3n, aumentando la eficiencia a la hora de resolver conflictos laborales.\" \/>\n<meta name=\"robots\" content=\"index, follow, max-snippet:-1, max-image-preview:large, max-video-preview:-1\" \/>\n<link rel=\"canonical\" href=\"https:\/\/lartdecomunicar.cat\/es\/empreses-i-organitzacions\/\" \/>\n<meta property=\"og:locale\" content=\"es_ES\" \/>\n<meta property=\"og:type\" content=\"article\" \/>\n<meta property=\"og:title\" content=\"LART saber comunicar | Cursos comunicaci\u00f3n para empresas\" \/>\n<meta property=\"og:description\" content=\"Nuestros cursos para empresas y organizaciones ayudar\u00e1n a mejorar la comunicaci\u00f3n, aumentando la eficiencia a la hora de resolver conflictos laborales.\" \/>\n<meta property=\"og:url\" content=\"https:\/\/lartdecomunicar.cat\/es\/empreses-i-organitzacions\/\" \/>\n<meta property=\"og:site_name\" content=\"L&#039;art de saber comunicar\" \/>\n<meta property=\"article:publisher\" content=\"https:\/\/www.facebook.com\/lartdecomunicar\" \/>\n<meta property=\"article:modified_time\" content=\"2025-05-02T10:57:00+00:00\" \/>\n<meta name=\"twitter:card\" content=\"summary_large_image\" \/>\n<meta name=\"twitter:label1\" content=\"Tiempo de lectura\" \/>\n\t<meta name=\"twitter:data1\" content=\"11 minutos\" \/>\n<script type=\"application\/ld+json\" class=\"yoast-schema-graph\">{\"@context\":\"https:\\\/\\\/schema.org\",\"@graph\":[{\"@type\":\"WebPage\",\"@id\":\"https:\\\/\\\/lartdecomunicar.cat\\\/es\\\/empreses-i-organitzacions\\\/\",\"url\":\"https:\\\/\\\/lartdecomunicar.cat\\\/es\\\/empreses-i-organitzacions\\\/\",\"name\":\"LART saber comunicar | Cursos comunicaci\u00f3n para empresas\",\"isPartOf\":{\"@id\":\"https:\\\/\\\/lartdecomunicar.cat\\\/#website\"},\"datePublished\":\"2018-10-10T08:49:14+00:00\",\"dateModified\":\"2025-05-02T10:57:00+00:00\",\"description\":\"Nuestros cursos para empresas y organizaciones ayudar\u00e1n a mejorar la comunicaci\u00f3n, aumentando la eficiencia a la hora de resolver conflictos laborales.\",\"breadcrumb\":{\"@id\":\"https:\\\/\\\/lartdecomunicar.cat\\\/es\\\/empreses-i-organitzacions\\\/#breadcrumb\"},\"inLanguage\":\"es\",\"potentialAction\":[{\"@type\":\"ReadAction\",\"target\":[\"https:\\\/\\\/lartdecomunicar.cat\\\/es\\\/empreses-i-organitzacions\\\/\"]}]},{\"@type\":\"BreadcrumbList\",\"@id\":\"https:\\\/\\\/lartdecomunicar.cat\\\/es\\\/empreses-i-organitzacions\\\/#breadcrumb\",\"itemListElement\":[{\"@type\":\"ListItem\",\"position\":1,\"name\":\"Portada\",\"item\":\"https:\\\/\\\/lartdecomunicar.cat\\\/\"},{\"@type\":\"ListItem\",\"position\":2,\"name\":\"Formaciones para empresas y organizaciones\"}]},{\"@type\":\"WebSite\",\"@id\":\"https:\\\/\\\/lartdecomunicar.cat\\\/#website\",\"url\":\"https:\\\/\\\/lartdecomunicar.cat\\\/\",\"name\":\"LARTdecomunicar\",\"description\":\"Serveis de comunicaci\u00f3 interpersonal i orat\u00f2ria en p\u00fablic\",\"publisher\":{\"@id\":\"https:\\\/\\\/lartdecomunicar.cat\\\/#organization\"},\"potentialAction\":[{\"@type\":\"SearchAction\",\"target\":{\"@type\":\"EntryPoint\",\"urlTemplate\":\"https:\\\/\\\/lartdecomunicar.cat\\\/?s={search_term_string}\"},\"query-input\":{\"@type\":\"PropertyValueSpecification\",\"valueRequired\":true,\"valueName\":\"search_term_string\"}}],\"inLanguage\":\"es\"},{\"@type\":\"Organization\",\"@id\":\"https:\\\/\\\/lartdecomunicar.cat\\\/#organization\",\"name\":\"LARTdecomunicar\",\"url\":\"https:\\\/\\\/lartdecomunicar.cat\\\/\",\"logo\":{\"@type\":\"ImageObject\",\"inLanguage\":\"es\",\"@id\":\"https:\\\/\\\/lartdecomunicar.cat\\\/#\\\/schema\\\/logo\\\/image\\\/\",\"url\":\"https:\\\/\\\/www.lartdecomunicar.com\\\/wp-content\\\/uploads\\\/2014\\\/11\\\/LogoLART_2014_baixa.png\",\"contentUrl\":\"https:\\\/\\\/www.lartdecomunicar.com\\\/wp-content\\\/uploads\\\/2014\\\/11\\\/LogoLART_2014_baixa.png\",\"width\":304,\"height\":119,\"caption\":\"LARTdecomunicar\"},\"image\":{\"@id\":\"https:\\\/\\\/lartdecomunicar.cat\\\/#\\\/schema\\\/logo\\\/image\\\/\"},\"sameAs\":[\"https:\\\/\\\/www.facebook.com\\\/lartdecomunicar\"]}]}<\/script>\n<!-- \/ Yoast SEO plugin. -->","yoast_head_json":{"title":"LART saber comunicar | Cursos comunicaci\u00f3n para empresas","description":"Nuestros cursos para empresas y organizaciones ayudar\u00e1n a mejorar la comunicaci\u00f3n, aumentando la eficiencia a la hora de resolver conflictos laborales.","robots":{"index":"index","follow":"follow","max-snippet":"max-snippet:-1","max-image-preview":"max-image-preview:large","max-video-preview":"max-video-preview:-1"},"canonical":"https:\/\/lartdecomunicar.cat\/es\/empreses-i-organitzacions\/","og_locale":"es_ES","og_type":"article","og_title":"LART saber comunicar | Cursos comunicaci\u00f3n para empresas","og_description":"Nuestros cursos para empresas y organizaciones ayudar\u00e1n a mejorar la comunicaci\u00f3n, aumentando la eficiencia a la hora de resolver conflictos laborales.","og_url":"https:\/\/lartdecomunicar.cat\/es\/empreses-i-organitzacions\/","og_site_name":"L&#039;art de saber comunicar","article_publisher":"https:\/\/www.facebook.com\/lartdecomunicar","article_modified_time":"2025-05-02T10:57:00+00:00","twitter_card":"summary_large_image","twitter_misc":{"Tiempo de lectura":"11 minutos"},"schema":{"@context":"https:\/\/schema.org","@graph":[{"@type":"WebPage","@id":"https:\/\/lartdecomunicar.cat\/es\/empreses-i-organitzacions\/","url":"https:\/\/lartdecomunicar.cat\/es\/empreses-i-organitzacions\/","name":"LART saber comunicar | Cursos comunicaci\u00f3n para empresas","isPartOf":{"@id":"https:\/\/lartdecomunicar.cat\/#website"},"datePublished":"2018-10-10T08:49:14+00:00","dateModified":"2025-05-02T10:57:00+00:00","description":"Nuestros cursos para empresas y organizaciones ayudar\u00e1n a mejorar la comunicaci\u00f3n, aumentando la eficiencia a la hora de resolver conflictos laborales.","breadcrumb":{"@id":"https:\/\/lartdecomunicar.cat\/es\/empreses-i-organitzacions\/#breadcrumb"},"inLanguage":"es","potentialAction":[{"@type":"ReadAction","target":["https:\/\/lartdecomunicar.cat\/es\/empreses-i-organitzacions\/"]}]},{"@type":"BreadcrumbList","@id":"https:\/\/lartdecomunicar.cat\/es\/empreses-i-organitzacions\/#breadcrumb","itemListElement":[{"@type":"ListItem","position":1,"name":"Portada","item":"https:\/\/lartdecomunicar.cat\/"},{"@type":"ListItem","position":2,"name":"Formaciones para empresas y organizaciones"}]},{"@type":"WebSite","@id":"https:\/\/lartdecomunicar.cat\/#website","url":"https:\/\/lartdecomunicar.cat\/","name":"LARTdecomunicar","description":"Serveis de comunicaci\u00f3 interpersonal i orat\u00f2ria en p\u00fablic","publisher":{"@id":"https:\/\/lartdecomunicar.cat\/#organization"},"potentialAction":[{"@type":"SearchAction","target":{"@type":"EntryPoint","urlTemplate":"https:\/\/lartdecomunicar.cat\/?s={search_term_string}"},"query-input":{"@type":"PropertyValueSpecification","valueRequired":true,"valueName":"search_term_string"}}],"inLanguage":"es"},{"@type":"Organization","@id":"https:\/\/lartdecomunicar.cat\/#organization","name":"LARTdecomunicar","url":"https:\/\/lartdecomunicar.cat\/","logo":{"@type":"ImageObject","inLanguage":"es","@id":"https:\/\/lartdecomunicar.cat\/#\/schema\/logo\/image\/","url":"https:\/\/www.lartdecomunicar.com\/wp-content\/uploads\/2014\/11\/LogoLART_2014_baixa.png","contentUrl":"https:\/\/www.lartdecomunicar.com\/wp-content\/uploads\/2014\/11\/LogoLART_2014_baixa.png","width":304,"height":119,"caption":"LARTdecomunicar"},"image":{"@id":"https:\/\/lartdecomunicar.cat\/#\/schema\/logo\/image\/"},"sameAs":["https:\/\/www.facebook.com\/lartdecomunicar"]}]}},"_links":{"self":[{"href":"https:\/\/lartdecomunicar.cat\/es\/wp-json\/wp\/v2\/pages\/5935","targetHints":{"allow":["GET"]}}],"collection":[{"href":"https:\/\/lartdecomunicar.cat\/es\/wp-json\/wp\/v2\/pages"}],"about":[{"href":"https:\/\/lartdecomunicar.cat\/es\/wp-json\/wp\/v2\/types\/page"}],"author":[{"embeddable":true,"href":"https:\/\/lartdecomunicar.cat\/es\/wp-json\/wp\/v2\/users\/6"}],"replies":[{"embeddable":true,"href":"https:\/\/lartdecomunicar.cat\/es\/wp-json\/wp\/v2\/comments?post=5935"}],"version-history":[{"count":10,"href":"https:\/\/lartdecomunicar.cat\/es\/wp-json\/wp\/v2\/pages\/5935\/revisions"}],"predecessor-version":[{"id":6671,"href":"https:\/\/lartdecomunicar.cat\/es\/wp-json\/wp\/v2\/pages\/5935\/revisions\/6671"}],"wp:attachment":[{"href":"https:\/\/lartdecomunicar.cat\/es\/wp-json\/wp\/v2\/media?parent=5935"}],"curies":[{"name":"wp","href":"https:\/\/api.w.org\/{rel}","templated":true}]}}